{"id":396,"date":"2022-08-19T16:54:34","date_gmt":"2022-08-19T14:54:34","guid":{"rendered":"http:\/\/sens-en-vie.ch\/?page_id=396"},"modified":"2025-07-02T14:12:11","modified_gmt":"2025-07-02T12:12:11","slug":"tarifs","status":"publish","type":"page","link":"https:\/\/sens-en-vie.ch\/?page_id=396","title":{"rendered":"Tarifs"},"content":{"rendered":"\n<h3 class=\"wp-block-heading\">S\u00e9ances de Soutien th\u00e9rapeutique<\/h3>\n\n\n\n<p><span class=\"has-inline-color has-dark-gray-color\">S\u00e9ance individuelle : 120.-&nbsp; &nbsp; <\/span><\/p>\n\n\n\n<p><span class=\"has-inline-color has-dark-gray-color\">Enfants, AVS\/AI, \u00e9tudiants : 100.-<\/span><\/p>\n\n\n\n<p><span class=\"has-inline-color has-dark-gray-color\">S\u00e9ance en bin\u00f4me : 170.-<\/span><\/p>\n\n\n\n<p><span class=\"has-inline-color has-dark-gray-color\">S\u00e9ance en petit groupe (4 personnes maximum) : 70.- par personne<\/span><\/p>\n\n\n\n<h3 class=\"wp-block-heading\"><strong>S\u00e9ances de Soutien th\u00e9rapeutique avec le cheval<\/strong><\/h3>\n\n\n\n<p><span class=\"has-inline-color has-dark-gray-color\">S\u00e9ance individuelle : 130.-&nbsp; &nbsp; <\/span><\/p>\n\n\n\n<p><span class=\"has-inline-color has-dark-gray-color\">Enfants, AVS\/AI, \u00e9tudiants : 110.-<\/span><\/p>\n\n\n\n<p><span class=\"has-inline-color has-dark-gray-color\">S\u00e9ance en bin\u00f4me : 200.-<\/span><\/p>\n\n\n\n<h3 class=\"wp-block-heading\">Dur\u00e9e des s\u00e9ances<\/h3>\n\n\n\n<p><span class=\"has-inline-color has-dark-gray-color\">Les s\u00e9ances durent entre 1 h et 1h30 selon vos besoins. <\/span><\/p>\n\n\n\n<figure class=\"wp-block-image size-large is-resized is-style-rounded\"><img loading=\"lazy\" decoding=\"async\" width=\"768\" height=\"1024\" src=\"https:\/\/sens-en-vie.ch\/wp-content\/uploads\/2022\/05\/foret-entree-chemin-768x1024.jpg\" alt=\"\" class=\"wp-image-253\" style=\"width:437px;height:583px\" srcset=\"https:\/\/sens-en-vie.ch\/wp-content\/uploads\/2022\/05\/foret-entree-chemin-768x1024.jpg 768w, https:\/\/sens-en-vie.ch\/wp-content\/uploads\/2022\/05\/foret-entree-chemin-225x300.jpg 225w, https:\/\/sens-en-vie.ch\/wp-content\/uploads\/2022\/05\/foret-entree-chemin-1152x1536.jpg 1152w, https:\/\/sens-en-vie.ch\/wp-content\/uploads\/2022\/05\/foret-entree-chemin-1536x2048.jpg 1536w, https:\/\/sens-en-vie.ch\/wp-content\/uploads\/2022\/05\/foret-entree-chemin-1200x1600.jpg 1200w, https:\/\/sens-en-vie.ch\/wp-content\/uploads\/2022\/05\/foret-entree-chemin-scaled.jpg 1920w\" sizes=\"auto, (max-width: 768px) 85vw, 768px\" \/><\/figure>\n","protected":false},"excerpt":{"rendered":"<p>S\u00e9ances de Soutien th\u00e9rapeutique S\u00e9ance individuelle : 120.-&nbsp; &nbsp; Enfants, AVS\/AI, \u00e9tudiants : 100.- S\u00e9ance en bin\u00f4me : 170.- S\u00e9ance en petit groupe (4 personnes maximum) : 70.- par personne S\u00e9ances de Soutien th\u00e9rapeutique avec le cheval S\u00e9ance individuelle : 130.-&nbsp; &nbsp; Enfants, AVS\/AI, \u00e9tudiants : 110.- S\u00e9ance en bin\u00f4me : 200.- Dur\u00e9e des s\u00e9ances &hellip; <a href=\"https:\/\/sens-en-vie.ch\/?page_id=396\" class=\"more-link\">Continue reading<span class=\"screen-reader-text\"> &#8220;Tarifs&#8221;<\/span><\/a><\/p>\n","protected":false},"author":1,"featured_media":0,"parent":0,"menu_order":0,"comment_status":"closed","ping_status":"closed","template":"","meta":{"footnotes":""},"class_list":["post-396","page","type-page","status-publish","hentry"],"_links":{"self":[{"href":"https:\/\/sens-en-vie.ch\/index.php?rest_route=\/wp\/v2\/pages\/396","targetHints":{"allow":["GET"]}}],"collection":[{"href":"https:\/\/sens-en-vie.ch\/index.php?rest_route=\/wp\/v2\/pages"}],"about":[{"href":"https:\/\/sens-en-vie.ch\/index.php?rest_route=\/wp\/v2\/types\/page"}],"author":[{"embeddable":true,"href":"https:\/\/sens-en-vie.ch\/index.php?rest_route=\/wp\/v2\/users\/1"}],"replies":[{"embeddable":true,"href":"https:\/\/sens-en-vie.ch\/index.php?rest_route=%2Fwp%2Fv2%2Fcomments&post=396"}],"version-history":[{"count":14,"href":"https:\/\/sens-en-vie.ch\/index.php?rest_route=\/wp\/v2\/pages\/396\/revisions"}],"predecessor-version":[{"id":459,"href":"https:\/\/sens-en-vie.ch\/index.php?rest_route=\/wp\/v2\/pages\/396\/revisions\/459"}],"wp:attachment":[{"href":"https:\/\/sens-en-vie.ch\/index.php?rest_route=%2Fwp%2Fv2%2Fmedia&parent=396"}],"curies":[{"name":"wp","href":"https:\/\/api.w.org\/{rel}","templated":true}]}}